{"version":"1.0","provider_name":"Haber Kuzey","provider_url":"https:\/\/haberkuzey.com","author_name":"haberkuzey","author_url":"https:\/\/haberkuzey.com\/index.php\/author\/haberkuzey\/","title":"Ter\u00f6r \u00f6rg\u00fct\u00fc PKK, \u201csilah b\u0131rakaca\u011f\u0131n\u0131\u201d a\u00e7\u0131klad\u0131 - Haber Kuzey","type":"rich","width":600,"height":338,"html":"<blockquote class=\"wp-embedded-content\" data-secret=\"oHgSlAzmPy\"><a href=\"https:\/\/haberkuzey.com\/index.php\/2025\/03\/01\/teror-orgutu-pkk-silah-birakacagini-acikladi\/\">Ter\u00f6r \u00f6rg\u00fct\u00fc PKK, \u201csilah b\u0131rakaca\u011f\u0131n\u0131\u201d a\u00e7\u0131klad\u0131<\/a><\/blockquote><iframe sandbox=\"allow-scripts\" security=\"restricted\" src=\"https:\/\/haberkuzey.com\/index.php\/2025\/03\/01\/teror-orgutu-pkk-silah-birakacagini-acikladi\/embed\/#?secret=oHgSlAzmPy\" width=\"600\" height=\"338\" title=\"&#8220;Ter\u00f6r \u00f6rg\u00fct\u00fc PKK, \u201csilah b\u0131rakaca\u011f\u0131n\u0131\u201d a\u00e7\u0131klad\u0131&#8221; &#8212; Haber Kuzey\" data-secret=\"oHgSlAzmPy\" frameborder=\"0\" marginwidth=\"0\" marginheight=\"0\" scrolling=\"no\" class=\"wp-embedded-content\"><\/iframe><script type=\"text\/javascript\">\n\/* <![CDATA[ *\/\n\/*! This file is auto-generated *\/\n!function(d,l){\"use strict\";l.querySelector&&d.addEventListener&&\"undefined\"!=typeof URL&&(d.wp=d.wp||{},d.wp.receiveEmbedMessage||(d.wp.receiveEmbedMessage=function(e){var t=e.data;if((t||t.secret||t.message||t.value)&&!\/[^a-zA-Z0-9]\/.test(t.secret)){for(var s,r,n,a=l.querySelectorAll('iframe[data-secret=\"'+t.secret+'\"]'),o=l.querySelectorAll('blockquote[data-secret=\"'+t.secret+'\"]'),c=new RegExp(\"^https?:$\",\"i\"),i=0;i<o.length;i++)o[i].style.display=\"none\";for(i=0;i<a.length;i++)s=a[i],e.source===s.contentWindow&&(s.removeAttribute(\"style\"),\"height\"===t.message?(1e3<(r=parseInt(t.value,10))?r=1e3:~~r<200&&(r=200),s.height=r):\"link\"===t.message&&(r=new URL(s.getAttribute(\"src\")),n=new URL(t.value),c.test(n.protocol))&&n.host===r.host&&l.activeElement===s&&(d.top.location.href=t.value))}},d.addEventListener(\"message\",d.wp.receiveEmbedMessage,!1),l.addEventListener(\"DOMContentLoaded\",function(){for(var e,t,s=l.querySelectorAll(\"iframe.wp-embedded-content\"),r=0;r<s.length;r++)(t=(e=s[r]).getAttribute(\"data-secret\"))||(t=Math.random().toString(36).substring(2,12),e.src+=\"#?secret=\"+t,e.setAttribute(\"data-secret\",t)),e.contentWindow.postMessage({message:\"ready\",secret:t},\"*\")},!1)))}(window,document);\n\/\/# sourceURL=https:\/\/haberkuzey.com\/wp-includes\/js\/wp-embed.min.js\n\/* ]]> *\/\n<\/script>\n","thumbnail_url":"https:\/\/brtk.net\/wp-content\/uploads\/2025\/03\/01\/1740837663332teror-1969410.jpg?ver=8044de69a14696c0986c06010c82ac10","thumbnail_width":600,"thumbnail_height":338,"description":"Ter\u00f6r \u00f6rg\u00fct\u00fc PKK, \u201csilah b\u0131rakaca\u011f\u0131n\u0131\u201d a\u00e7\u0131klad\u0131. TRT Haber\u2019in ANF\u2019yi referans vererek yay\u0131mlad\u0131\u011f\u0131 habere g\u00f6re, PKK, ter\u00f6rist eleba\u015f\u0131n\u0131n \u201csilah b\u0131rak\u0131n\u201d \u00e7a\u011fr\u0131s\u0131na uyaca\u011f\u0131n\u0131 ve \u201cate\u015fkes ilan etti\u011fini\u201d duyurdu. Habere g\u00f6re \u201cPKK Y\u00fcr\u00fctme Komitesi, ter\u00f6rist eleba\u015f\u0131 Abdullah \u00d6calan\u2019\u0131n 27 \u015eubat\u2019ta yapt\u0131\u011f\u0131 a\u00e7\u0131klaman\u0131n ard\u0131ndan bir a\u00e7\u0131klama\u201d yapt\u0131. \u201c\u00d6rg\u00fct\u00fcn, \u00d6calan\u2019\u0131n \u00e7a\u011fr\u0131s\u0131na uyacaklar\u0131n\u0131 belirten\u201d a\u00e7\u0131klamas\u0131nda, \u201cBiz PKK olarak s\u00f6z konusu \u00e7a\u011fr\u0131n\u0131n [&hellip;]"}