{"version":"1.0","provider_name":"Haber Kuzey","provider_url":"https:\/\/haberkuzey.com","author_name":"haberkuzey","author_url":"https:\/\/haberkuzey.com\/index.php\/author\/haberkuzey\/","title":"AK Parti, 8. Ola\u011fan B\u00fcy\u00fck Kongresi ger\u00e7ekle\u015ftiriliyor - Haber Kuzey","type":"rich","width":600,"height":338,"html":"<blockquote class=\"wp-embedded-content\" data-secret=\"Xn8EFMjP2H\"><a href=\"https:\/\/haberkuzey.com\/index.php\/2025\/02\/23\/ak-parti-8-olagan-buyuk-kongresi-gerceklestiriliyor\/\">AK Parti, 8. Ola\u011fan B\u00fcy\u00fck Kongresi ger\u00e7ekle\u015ftiriliyor<\/a><\/blockquote><iframe sandbox=\"allow-scripts\" security=\"restricted\" src=\"https:\/\/haberkuzey.com\/index.php\/2025\/02\/23\/ak-parti-8-olagan-buyuk-kongresi-gerceklestiriliyor\/embed\/#?secret=Xn8EFMjP2H\" width=\"600\" height=\"338\" title=\"&#8220;AK Parti, 8. Ola\u011fan B\u00fcy\u00fck Kongresi ger\u00e7ekle\u015ftiriliyor&#8221; &#8212; Haber Kuzey\" data-secret=\"Xn8EFMjP2H\" frameborder=\"0\" marginwidth=\"0\" marginheight=\"0\" scrolling=\"no\" class=\"wp-embedded-content\"><\/iframe><script type=\"text\/javascript\">\n\/* <![CDATA[ *\/\n\/*! This file is auto-generated *\/\n!function(d,l){\"use strict\";l.querySelector&&d.addEventListener&&\"undefined\"!=typeof URL&&(d.wp=d.wp||{},d.wp.receiveEmbedMessage||(d.wp.receiveEmbedMessage=function(e){var t=e.data;if((t||t.secret||t.message||t.value)&&!\/[^a-zA-Z0-9]\/.test(t.secret)){for(var s,r,n,a=l.querySelectorAll('iframe[data-secret=\"'+t.secret+'\"]'),o=l.querySelectorAll('blockquote[data-secret=\"'+t.secret+'\"]'),c=new RegExp(\"^https?:$\",\"i\"),i=0;i<o.length;i++)o[i].style.display=\"none\";for(i=0;i<a.length;i++)s=a[i],e.source===s.contentWindow&&(s.removeAttribute(\"style\"),\"height\"===t.message?(1e3<(r=parseInt(t.value,10))?r=1e3:~~r<200&&(r=200),s.height=r):\"link\"===t.message&&(r=new URL(s.getAttribute(\"src\")),n=new URL(t.value),c.test(n.protocol))&&n.host===r.host&&l.activeElement===s&&(d.top.location.href=t.value))}},d.addEventListener(\"message\",d.wp.receiveEmbedMessage,!1),l.addEventListener(\"DOMContentLoaded\",function(){for(var e,t,s=l.querySelectorAll(\"iframe.wp-embedded-content\"),r=0;r<s.length;r++)(t=(e=s[r]).getAttribute(\"data-secret\"))||(t=Math.random().toString(36).substring(2,12),e.src+=\"#?secret=\"+t,e.setAttribute(\"data-secret\",t)),e.contentWindow.postMessage({message:\"ready\",secret:t},\"*\")},!1)))}(window,document);\n\/\/# sourceURL=https:\/\/haberkuzey.com\/wp-includes\/js\/wp-embed.min.js\n\/* ]]> *\/\n<\/script>\n","thumbnail_url":"https:\/\/brtk.net\/wp-content\/uploads\/2025\/02\/23\/thumbs_b_c_a5976a9553d7e3eb8bad922664d3aea7.jpg?ver=f14d08c6b671fa836ff8f6afcdd9e573","thumbnail_width":600,"thumbnail_height":338,"description":"AK Parti\u2019nin 8. Ola\u011fan B\u00fcy\u00fck Kongresi yap\u0131l\u0131yor. Ankara Spor Salonu\u2019ndaki kongreye Cumhurba\u015fkan\u0131 Ersin Tatar ve Ba\u015fbakan \u00dcnal \u00dcstel de kat\u0131l\u0131yor. Ankara Spor Salonu\u2019nda \u201cAd\u0131nda AK, I\u015f\u0131\u011f\u0131nda \u0130stikbal\u201d ana slogan\u0131 ile ger\u00e7ekle\u015ftirilen kongrede, bin 607 delegenin oy kullanmas\u0131 bekleniyor. T\u00fcrkiye Cumhurba\u015fkan\u0131 Recep Tayyip Erdo\u011fan, kongre alan\u0131na giri\u015finde, kavgas\u0131z ve \u015faibesiz \u015fekilde T\u00fcrk halk\u0131n\u0131n kar\u015f\u0131s\u0131nda olduklar\u0131n\u0131 dile [&hellip;]"}