{"version":"1.0","provider_name":"Haber Kuzey","provider_url":"https:\/\/haberkuzey.com","author_name":"haberkuzey","author_url":"https:\/\/haberkuzey.com\/index.php\/author\/haberkuzey\/","title":"AK Parti\u2019nin 8. Ola\u011fan B\u00fcy\u00fck Kongresi yar\u0131n yap\u0131lacak - Haber Kuzey","type":"rich","width":600,"height":338,"html":"<blockquote class=\"wp-embedded-content\" data-secret=\"zMMQztnQaH\"><a href=\"https:\/\/haberkuzey.com\/index.php\/2025\/02\/22\/ak-partinin-8-olagan-buyuk-kongresi-yarin-yapilacak\/\">AK Parti\u2019nin 8. Ola\u011fan B\u00fcy\u00fck Kongresi yar\u0131n yap\u0131lacak<\/a><\/blockquote><iframe sandbox=\"allow-scripts\" security=\"restricted\" src=\"https:\/\/haberkuzey.com\/index.php\/2025\/02\/22\/ak-partinin-8-olagan-buyuk-kongresi-yarin-yapilacak\/embed\/#?secret=zMMQztnQaH\" width=\"600\" height=\"338\" title=\"&#8220;AK Parti\u2019nin 8. Ola\u011fan B\u00fcy\u00fck Kongresi yar\u0131n yap\u0131lacak&#8221; &#8212; Haber Kuzey\" data-secret=\"zMMQztnQaH\" frameborder=\"0\" marginwidth=\"0\" marginheight=\"0\" scrolling=\"no\" class=\"wp-embedded-content\"><\/iframe><script type=\"text\/javascript\">\n\/* <![CDATA[ *\/\n\/*! This file is auto-generated *\/\n!function(d,l){\"use strict\";l.querySelector&&d.addEventListener&&\"undefined\"!=typeof URL&&(d.wp=d.wp||{},d.wp.receiveEmbedMessage||(d.wp.receiveEmbedMessage=function(e){var t=e.data;if((t||t.secret||t.message||t.value)&&!\/[^a-zA-Z0-9]\/.test(t.secret)){for(var s,r,n,a=l.querySelectorAll('iframe[data-secret=\"'+t.secret+'\"]'),o=l.querySelectorAll('blockquote[data-secret=\"'+t.secret+'\"]'),c=new RegExp(\"^https?:$\",\"i\"),i=0;i<o.length;i++)o[i].style.display=\"none\";for(i=0;i<a.length;i++)s=a[i],e.source===s.contentWindow&&(s.removeAttribute(\"style\"),\"height\"===t.message?(1e3<(r=parseInt(t.value,10))?r=1e3:~~r<200&&(r=200),s.height=r):\"link\"===t.message&&(r=new URL(s.getAttribute(\"src\")),n=new URL(t.value),c.test(n.protocol))&&n.host===r.host&&l.activeElement===s&&(d.top.location.href=t.value))}},d.addEventListener(\"message\",d.wp.receiveEmbedMessage,!1),l.addEventListener(\"DOMContentLoaded\",function(){for(var e,t,s=l.querySelectorAll(\"iframe.wp-embedded-content\"),r=0;r<s.length;r++)(t=(e=s[r]).getAttribute(\"data-secret\"))||(t=Math.random().toString(36).substring(2,12),e.src+=\"#?secret=\"+t,e.setAttribute(\"data-secret\",t)),e.contentWindow.postMessage({message:\"ready\",secret:t},\"*\")},!1)))}(window,document);\n\/\/# sourceURL=https:\/\/haberkuzey.com\/wp-includes\/js\/wp-embed.min.js\n\/* ]]> *\/\n<\/script>\n","thumbnail_url":"https:\/\/brtk.net\/wp-content\/uploads\/2025\/02\/22\/qrfqfq2q.jpg?ver=47845a30439c0069978ec5e0286c6576","thumbnail_width":600,"thumbnail_height":338,"description":"Kurulduktan 15 ay sonra 3 Kas\u0131m 2002\u2019de girdi\u011fi ilk genel se\u00e7imle iktidara gelen ve 23 y\u0131ld\u0131r \u00fclkeyi y\u00f6neten AK Parti, 8. Ola\u011fan B\u00fcy\u00fck Kongresi\u2019ni yar\u0131n ger\u00e7ekle\u015ftirecek. AK Parti\u2019nin yar\u0131n yapaca\u011f\u0131 8. Ola\u011fan B\u00fcy\u00fck Kongre s\u00fcrecinde 12 Ekim\u2019de il\u00e7e, 30 Kas\u0131m\u2019da ise il kongreleri ba\u015flad\u0131. 7 \u015eubat\u2019ta yap\u0131lan \u0130stanbul 8. Ola\u011fan \u0130l Kongresiyle 81 ilde kongre [&hellip;]"}