{"version":"1.0","provider_name":"Haber Kuzey","provider_url":"https:\/\/haberkuzey.com","author_name":"haberkuzey","author_url":"https:\/\/haberkuzey.com\/index.php\/author\/haberkuzey\/","title":"T\u00fcrkiye\u2019nin ilk \u201c\u0130klim Kanunu Teklifi\u201d TBMM\u2019de - Haber Kuzey","type":"rich","width":600,"height":338,"html":"<blockquote class=\"wp-embedded-content\" data-secret=\"whJ7jVO0mB\"><a href=\"https:\/\/haberkuzey.com\/index.php\/2025\/02\/20\/turkiyenin-ilk-iklim-kanunu-teklifi-tbmmde\/\">T\u00fcrkiye\u2019nin ilk \u201c\u0130klim Kanunu Teklifi\u201d TBMM\u2019de<\/a><\/blockquote><iframe sandbox=\"allow-scripts\" security=\"restricted\" src=\"https:\/\/haberkuzey.com\/index.php\/2025\/02\/20\/turkiyenin-ilk-iklim-kanunu-teklifi-tbmmde\/embed\/#?secret=whJ7jVO0mB\" width=\"600\" height=\"338\" title=\"&#8220;T\u00fcrkiye\u2019nin ilk \u201c\u0130klim Kanunu Teklifi\u201d TBMM\u2019de&#8221; &#8212; Haber Kuzey\" data-secret=\"whJ7jVO0mB\" frameborder=\"0\" marginwidth=\"0\" marginheight=\"0\" scrolling=\"no\" class=\"wp-embedded-content\"><\/iframe><script type=\"text\/javascript\">\n\/* <![CDATA[ *\/\n\/*! This file is auto-generated *\/\n!function(d,l){\"use strict\";l.querySelector&&d.addEventListener&&\"undefined\"!=typeof URL&&(d.wp=d.wp||{},d.wp.receiveEmbedMessage||(d.wp.receiveEmbedMessage=function(e){var t=e.data;if((t||t.secret||t.message||t.value)&&!\/[^a-zA-Z0-9]\/.test(t.secret)){for(var s,r,n,a=l.querySelectorAll('iframe[data-secret=\"'+t.secret+'\"]'),o=l.querySelectorAll('blockquote[data-secret=\"'+t.secret+'\"]'),c=new RegExp(\"^https?:$\",\"i\"),i=0;i<o.length;i++)o[i].style.display=\"none\";for(i=0;i<a.length;i++)s=a[i],e.source===s.contentWindow&&(s.removeAttribute(\"style\"),\"height\"===t.message?(1e3<(r=parseInt(t.value,10))?r=1e3:~~r<200&&(r=200),s.height=r):\"link\"===t.message&&(r=new URL(s.getAttribute(\"src\")),n=new URL(t.value),c.test(n.protocol))&&n.host===r.host&&l.activeElement===s&&(d.top.location.href=t.value))}},d.addEventListener(\"message\",d.wp.receiveEmbedMessage,!1),l.addEventListener(\"DOMContentLoaded\",function(){for(var e,t,s=l.querySelectorAll(\"iframe.wp-embedded-content\"),r=0;r<s.length;r++)(t=(e=s[r]).getAttribute(\"data-secret\"))||(t=Math.random().toString(36).substring(2,12),e.src+=\"#?secret=\"+t,e.setAttribute(\"data-secret\",t)),e.contentWindow.postMessage({message:\"ready\",secret:t},\"*\")},!1)))}(window,document);\n\/\/# sourceURL=https:\/\/haberkuzey.com\/wp-includes\/js\/wp-embed.min.js\n\/* ]]> *\/\n<\/script>\n","thumbnail_url":"https:\/\/brtk.net\/wp-content\/uploads\/2025\/02\/20\/1740064262161thumbs_b_c_6bda5b266558f3024ad08e8b410d4090.jpg?ver=27bc36452eb918f8950f8d69911a3a90","thumbnail_width":600,"thumbnail_height":338,"description":"AK Parti milletvekillerinin imzas\u0131n\u0131 ta\u015f\u0131yan T\u00fcrkiye\u2019nin ilk \u201c\u0130klim Kanunu Teklifi\u201d, TBMM Ba\u015fkanl\u0131\u011f\u0131na sunuldu. Ye\u015fil b\u00fcy\u00fcme vizyonu ve net s\u0131f\u0131r emisyon hedefi do\u011frultusunda iklim de\u011fi\u015fikli\u011fiyle m\u00fccadeleyi ama\u00e7layan teklif, iklim de\u011fi\u015fikli\u011fi ile m\u00fccadelede esas olan sera gaz\u0131 emisyonlar\u0131n\u0131n azalt\u0131lmas\u0131 ve iklim de\u011fi\u015fikli\u011fine uyum faaliyetlerini, planlama ve uygulama ara\u00e7lar\u0131n\u0131, gelirleri, izin ve denetim ile bunlara ili\u015fkin yasal ve [&hellip;]"}