{"version":"1.0","provider_name":"Haber Kuzey","provider_url":"https:\/\/haberkuzey.com","author_name":"haberkuzey","author_url":"https:\/\/haberkuzey.com\/index.php\/author\/haberkuzey\/","title":"Cumhurba\u015fkan\u0131 Tatar Trabzon\u2019dan gelen heyeti kabul etti - Haber Kuzey","type":"rich","width":600,"height":338,"html":"<blockquote class=\"wp-embedded-content\" data-secret=\"YDwbyztpQf\"><a href=\"https:\/\/haberkuzey.com\/index.php\/2025\/01\/24\/cumhurbaskani-tatar-trabzondan-gelen-heyeti-kabul-etti\/\">Cumhurba\u015fkan\u0131 Tatar Trabzon\u2019dan gelen heyeti kabul etti<\/a><\/blockquote><iframe sandbox=\"allow-scripts\" security=\"restricted\" src=\"https:\/\/haberkuzey.com\/index.php\/2025\/01\/24\/cumhurbaskani-tatar-trabzondan-gelen-heyeti-kabul-etti\/embed\/#?secret=YDwbyztpQf\" width=\"600\" height=\"338\" title=\"&#8220;Cumhurba\u015fkan\u0131 Tatar Trabzon\u2019dan gelen heyeti kabul etti&#8221; &#8212; Haber Kuzey\" data-secret=\"YDwbyztpQf\" frameborder=\"0\" marginwidth=\"0\" marginheight=\"0\" scrolling=\"no\" class=\"wp-embedded-content\"><\/iframe><script type=\"text\/javascript\">\n\/* <![CDATA[ *\/\n\/*! This file is auto-generated *\/\n!function(d,l){\"use strict\";l.querySelector&&d.addEventListener&&\"undefined\"!=typeof URL&&(d.wp=d.wp||{},d.wp.receiveEmbedMessage||(d.wp.receiveEmbedMessage=function(e){var t=e.data;if((t||t.secret||t.message||t.value)&&!\/[^a-zA-Z0-9]\/.test(t.secret)){for(var s,r,n,a=l.querySelectorAll('iframe[data-secret=\"'+t.secret+'\"]'),o=l.querySelectorAll('blockquote[data-secret=\"'+t.secret+'\"]'),c=new RegExp(\"^https?:$\",\"i\"),i=0;i<o.length;i++)o[i].style.display=\"none\";for(i=0;i<a.length;i++)s=a[i],e.source===s.contentWindow&&(s.removeAttribute(\"style\"),\"height\"===t.message?(1e3<(r=parseInt(t.value,10))?r=1e3:~~r<200&&(r=200),s.height=r):\"link\"===t.message&&(r=new URL(s.getAttribute(\"src\")),n=new URL(t.value),c.test(n.protocol))&&n.host===r.host&&l.activeElement===s&&(d.top.location.href=t.value))}},d.addEventListener(\"message\",d.wp.receiveEmbedMessage,!1),l.addEventListener(\"DOMContentLoaded\",function(){for(var e,t,s=l.querySelectorAll(\"iframe.wp-embedded-content\"),r=0;r<s.length;r++)(t=(e=s[r]).getAttribute(\"data-secret\"))||(t=Math.random().toString(36).substring(2,12),e.src+=\"#?secret=\"+t,e.setAttribute(\"data-secret\",t)),e.contentWindow.postMessage({message:\"ready\",secret:t},\"*\")},!1)))}(window,document);\n\/\/# sourceURL=https:\/\/haberkuzey.com\/wp-includes\/js\/wp-embed.min.js\n\/* ]]> *\/\n<\/script>\n","thumbnail_url":"https:\/\/brtk.net\/wp-content\/uploads\/2025\/01\/24\/Tatar-Baris-Kupasi-1.jpg?ver=8286b9c3dc4e90520d598f66192798d0","thumbnail_width":600,"thumbnail_height":266,"description":"Cumhurba\u015fkan\u0131 Ersin Tatar, K\u0131br\u0131s T\u00fcrk Karmas\u0131 ile Trabzonspor aras\u0131nda oynan K\u0131br\u0131s T\u00fcrk Bar\u0131\u015f Kupas\u0131\u2019n\u0131n 50\u2019nci y\u0131ld\u00f6n\u00fcm\u00fc nedeniyle d\u00fczenlenecek etkinli\u011fe kat\u0131lmak \u00fczere KKTC\u2019ye gelen, aralar\u0131nda Trabzon B\u00fcy\u00fck\u015fehir Belediye Ba\u015fkan\u0131n\u0131n da bulundu\u011fu heyeti kabul etti. Cumhurba\u015fkanl\u0131\u011f\u0131\u2019ndan verilen bilgiye g\u00f6re, Cumhurba\u015fkan\u0131 Ersin Tatar kabulde yapt\u0131\u011f\u0131 konu\u015fmada, Bolu\u2019daki otel yang\u0131n\u0131nda ya\u015fam\u0131n\u0131 yitirenlere rahmet, yak\u0131nlar\u0131na ba\u015f sa\u011fl\u0131\u011f\u0131 diledi. K\u0131br\u0131s T\u00fcrk\u00fcn\u00fcn, [&hellip;]"}