{"version":"1.0","provider_name":"Haber Kuzey","provider_url":"https:\/\/haberkuzey.com","author_name":"haberkuzey","author_url":"https:\/\/haberkuzey.com\/index.php\/author\/haberkuzey\/","title":"Erdo\u011fan\u2019dan, Tatar\u2019a tebrik mektubu - Haber Kuzey","type":"rich","width":600,"height":338,"html":"<blockquote class=\"wp-embedded-content\" data-secret=\"Aq2iO5ssvQ\"><a href=\"https:\/\/haberkuzey.com\/index.php\/2024\/11\/15\/erdogandan-tatara-tebrik-mektubu\/\">Erdo\u011fan\u2019dan, Tatar\u2019a tebrik mektubu<\/a><\/blockquote><iframe sandbox=\"allow-scripts\" security=\"restricted\" src=\"https:\/\/haberkuzey.com\/index.php\/2024\/11\/15\/erdogandan-tatara-tebrik-mektubu\/embed\/#?secret=Aq2iO5ssvQ\" width=\"600\" height=\"338\" title=\"&#8220;Erdo\u011fan\u2019dan, Tatar\u2019a tebrik mektubu&#8221; &#8212; Haber Kuzey\" data-secret=\"Aq2iO5ssvQ\" frameborder=\"0\" marginwidth=\"0\" marginheight=\"0\" scrolling=\"no\" class=\"wp-embedded-content\"><\/iframe><script type=\"text\/javascript\">\n\/* <![CDATA[ *\/\n\/*! This file is auto-generated *\/\n!function(d,l){\"use strict\";l.querySelector&&d.addEventListener&&\"undefined\"!=typeof URL&&(d.wp=d.wp||{},d.wp.receiveEmbedMessage||(d.wp.receiveEmbedMessage=function(e){var t=e.data;if((t||t.secret||t.message||t.value)&&!\/[^a-zA-Z0-9]\/.test(t.secret)){for(var s,r,n,a=l.querySelectorAll('iframe[data-secret=\"'+t.secret+'\"]'),o=l.querySelectorAll('blockquote[data-secret=\"'+t.secret+'\"]'),c=new RegExp(\"^https?:$\",\"i\"),i=0;i<o.length;i++)o[i].style.display=\"none\";for(i=0;i<a.length;i++)s=a[i],e.source===s.contentWindow&&(s.removeAttribute(\"style\"),\"height\"===t.message?(1e3<(r=parseInt(t.value,10))?r=1e3:~~r<200&&(r=200),s.height=r):\"link\"===t.message&&(r=new URL(s.getAttribute(\"src\")),n=new URL(t.value),c.test(n.protocol))&&n.host===r.host&&l.activeElement===s&&(d.top.location.href=t.value))}},d.addEventListener(\"message\",d.wp.receiveEmbedMessage,!1),l.addEventListener(\"DOMContentLoaded\",function(){for(var e,t,s=l.querySelectorAll(\"iframe.wp-embedded-content\"),r=0;r<s.length;r++)(t=(e=s[r]).getAttribute(\"data-secret\"))||(t=Math.random().toString(36).substring(2,12),e.src+=\"#?secret=\"+t,e.setAttribute(\"data-secret\",t)),e.contentWindow.postMessage({message:\"ready\",secret:t},\"*\")},!1)))}(window,document);\n\/\/# sourceURL=https:\/\/haberkuzey.com\/wp-includes\/js\/wp-embed.min.js\n\/* ]]> *\/\n<\/script>\n","thumbnail_url":"https:\/\/brtk.net\/wp-content\/uploads\/2024\/11\/15\/recep-tayyip-erdogan-ersin-tatar-2080516_1.jpg?ver=c5ca9ac91ae279a67ff601763e170131","thumbnail_width":600,"thumbnail_height":338,"description":"TC Cumhurba\u015fkan\u0131 Recep Tayyip Erdo\u011fan, Kuzey K\u0131br\u0131s T\u00fcrk Cumhuriyeti (KKTC) Cumhurba\u015fkan\u0131 Ersin Tatar\u2018a Kuzey K\u0131br\u0131s T\u00fcrk Cumhuriyeti\u2019nin 41\u2019inci kurulu\u015f y\u0131l d\u00f6n\u00fcm\u00fc dolay\u0131s\u0131yla tebrik mektubu g\u00f6nderdi. Erdo\u011fan, Tatar\u2018a g\u00f6nderdi\u011fi mektupta, \u201cBu onurlu g\u00fcnde b\u00fcy\u00fck T\u00fcrk Milleti\u2019nin ayr\u0131lmaz bir par\u00e7as\u0131 olan K\u0131br\u0131s T\u00fcrk\u00fc\u2019n\u00fcn gurur ve co\u015fkusunu k\u0131van\u00e7la payla\u015f\u0131yor, milletim ve \u015fahs\u0131m ad\u0131na 15 Kas\u0131m Cumhuriyet Bayram\u0131n\u0131z\u0131 en [&hellip;]"}