{"version":"1.0","provider_name":"Haber Kuzey","provider_url":"https:\/\/haberkuzey.com","author_name":"haberkuzey","author_url":"https:\/\/haberkuzey.com\/index.php\/author\/haberkuzey\/","title":"\u015eim\u015fek, OECD Bakanlar Konseyi Toplant\u0131s\u0131 i\u00e7in Paris\u2019te - Haber Kuzey","type":"rich","width":600,"height":338,"html":"<blockquote class=\"wp-embedded-content\" data-secret=\"Sr9vrmJXG2\"><a href=\"https:\/\/haberkuzey.com\/index.php\/2024\/05\/02\/simsek-oecd-bakanlar-konseyi-toplantisi-icin-pariste\/\">\u015eim\u015fek, OECD Bakanlar Konseyi Toplant\u0131s\u0131 i\u00e7in Paris\u2019te<\/a><\/blockquote><iframe sandbox=\"allow-scripts\" security=\"restricted\" src=\"https:\/\/haberkuzey.com\/index.php\/2024\/05\/02\/simsek-oecd-bakanlar-konseyi-toplantisi-icin-pariste\/embed\/#?secret=Sr9vrmJXG2\" width=\"600\" height=\"338\" title=\"&#8220;\u015eim\u015fek, OECD Bakanlar Konseyi Toplant\u0131s\u0131 i\u00e7in Paris\u2019te&#8221; &#8212; Haber Kuzey\" data-secret=\"Sr9vrmJXG2\" frameborder=\"0\" marginwidth=\"0\" marginheight=\"0\" scrolling=\"no\" class=\"wp-embedded-content\"><\/iframe><script type=\"text\/javascript\">\n\/* <![CDATA[ *\/\n\/*! This file is auto-generated *\/\n!function(d,l){\"use strict\";l.querySelector&&d.addEventListener&&\"undefined\"!=typeof URL&&(d.wp=d.wp||{},d.wp.receiveEmbedMessage||(d.wp.receiveEmbedMessage=function(e){var t=e.data;if((t||t.secret||t.message||t.value)&&!\/[^a-zA-Z0-9]\/.test(t.secret)){for(var s,r,n,a=l.querySelectorAll('iframe[data-secret=\"'+t.secret+'\"]'),o=l.querySelectorAll('blockquote[data-secret=\"'+t.secret+'\"]'),c=new RegExp(\"^https?:$\",\"i\"),i=0;i<o.length;i++)o[i].style.display=\"none\";for(i=0;i<a.length;i++)s=a[i],e.source===s.contentWindow&&(s.removeAttribute(\"style\"),\"height\"===t.message?(1e3<(r=parseInt(t.value,10))?r=1e3:~~r<200&&(r=200),s.height=r):\"link\"===t.message&&(r=new URL(s.getAttribute(\"src\")),n=new URL(t.value),c.test(n.protocol))&&n.host===r.host&&l.activeElement===s&&(d.top.location.href=t.value))}},d.addEventListener(\"message\",d.wp.receiveEmbedMessage,!1),l.addEventListener(\"DOMContentLoaded\",function(){for(var e,t,s=l.querySelectorAll(\"iframe.wp-embedded-content\"),r=0;r<s.length;r++)(t=(e=s[r]).getAttribute(\"data-secret\"))||(t=Math.random().toString(36).substring(2,12),e.src+=\"#?secret=\"+t,e.setAttribute(\"data-secret\",t)),e.contentWindow.postMessage({message:\"ready\",secret:t},\"*\")},!1)))}(window,document);\n\/\/# sourceURL=https:\/\/haberkuzey.com\/wp-includes\/js\/wp-embed.min.js\n\/* ]]> *\/\n<\/script>\n","thumbnail_url":"https:\/\/haberkuzey.com\/wp-content\/uploads\/2024\/05\/bakan-simsek-suudi-arabistan-ile-yatirimlarin-gelistirilmesi-yonunde-samimi-bir-istege-tanik-olduk-gt59.jpg","thumbnail_width":1280,"thumbnail_height":720,"description":"T\u00fcrkiye Hazine ve Maliye Bakan\u0131 Mehmet \u015eim\u015fek, Paris\u2019te d\u00fczenlenen OECD Bakanlar Konseyi Toplant\u0131s\u0131\u2019na kat\u0131lacak. \u015eim\u015fek, bu sabah Fransa\u2019n\u0131n ba\u015fkenti Paris\u2019e gitti. \u015eim\u015fek, OECD Bakanlar Konseyi Toplant\u0131s\u0131\u2019na i\u015ftirak edecek ve iki ayr\u0131 oturumda konu\u015fma yapacak."}